{"id":3362,"date":"2025-01-11T15:55:43","date_gmt":"2025-01-11T15:55:43","guid":{"rendered":"https:\/\/fenomensassociacio.org\/?page_id=3362"},"modified":"2025-09-25T11:18:16","modified_gmt":"2025-09-25T10:18:16","slug":"aviso-legal","status":"publish","type":"page","link":"https:\/\/fenomensassociacio.org\/va\/aviso-legal\/","title":{"rendered":"Av\u00eds Legal"},"content":{"rendered":"<div data-elementor-type=\"wp-page\" data-elementor-id=\"3362\" class=\"elementor elementor-3362\" data-elementor-post-type=\"page\">\n\t\t\t\t<div class=\"elementor-element elementor-element-6a6a38d2 e-con-full e-flex e-con e-parent\" data-id=\"6a6a38d2\" data-element_type=\"container\" data-e-type=\"container\" data-settings=\"{&quot;background_background&quot;:&quot;classic&quot;,&quot;jet_parallax_layout_list&quot;:[],&quot;shape_divider_top&quot;:&quot;mountains&quot;,&quot;shape_divider_bottom&quot;:&quot;mountains&quot;}\">\n\t\t\t\t<div class=\"elementor-shape elementor-shape-top\" aria-hidden=\"true\" data-negative=\"false\">\n\t\t\t<svg xmlns=\"http:\/\/www.w3.org\/2000\/svg\" viewbox=\"0 0 1000 100\" preserveaspectratio=\"none\">\n\t<path class=\"elementor-shape-fill\" opacity=\"0.33\" d=\"M473,67.3c-203.9,88.3-263.1-34-320.3,0C66,119.1,0,59.7,0,59.7V0h1000v59.7 c0,0-62.1,26.1-94.9,29.3c-32.8,3.3-62.8-12.3-75.8-22.1C806,49.6,745.3,8.7,694.9,4.7S492.4,59,473,67.3z\"\/>\n\t<path class=\"elementor-shape-fill\" opacity=\"0.66\" d=\"M734,67.3c-45.5,0-77.2-23.2-129.1-39.1c-28.6-8.7-150.3-10.1-254,39.1 s-91.7-34.4-149.2,0C115.7,118.3,0,39.8,0,39.8V0h1000v36.5c0,0-28.2-18.5-92.1-18.5C810.2,18.1,775.7,67.3,734,67.3z\"\/>\n\t<path class=\"elementor-shape-fill\" d=\"M766.1,28.9c-200-57.5-266,65.5-395.1,19.5C242,1.8,242,5.4,184.8,20.6C128,35.8,132.3,44.9,89.9,52.5C28.6,63.7,0,0,0,0 h1000c0,0-9.9,40.9-83.6,48.1S829.6,47,766.1,28.9z\"\/>\n<\/svg>\t\t<\/div>\n\t\t\t\t<div class=\"elementor-shape elementor-shape-bottom\" aria-hidden=\"true\" data-negative=\"false\">\n\t\t\t<svg xmlns=\"http:\/\/www.w3.org\/2000\/svg\" viewbox=\"0 0 1000 100\" preserveaspectratio=\"none\">\n\t<path class=\"elementor-shape-fill\" opacity=\"0.33\" d=\"M473,67.3c-203.9,88.3-263.1-34-320.3,0C66,119.1,0,59.7,0,59.7V0h1000v59.7 c0,0-62.1,26.1-94.9,29.3c-32.8,3.3-62.8-12.3-75.8-22.1C806,49.6,745.3,8.7,694.9,4.7S492.4,59,473,67.3z\"\/>\n\t<path class=\"elementor-shape-fill\" opacity=\"0.66\" d=\"M734,67.3c-45.5,0-77.2-23.2-129.1-39.1c-28.6-8.7-150.3-10.1-254,39.1 s-91.7-34.4-149.2,0C115.7,118.3,0,39.8,0,39.8V0h1000v36.5c0,0-28.2-18.5-92.1-18.5C810.2,18.1,775.7,67.3,734,67.3z\"\/>\n\t<path class=\"elementor-shape-fill\" d=\"M766.1,28.9c-200-57.5-266,65.5-395.1,19.5C242,1.8,242,5.4,184.8,20.6C128,35.8,132.3,44.9,89.9,52.5C28.6,63.7,0,0,0,0 h1000c0,0-9.9,40.9-83.6,48.1S829.6,47,766.1,28.9z\"\/>\n<\/svg>\t\t<\/div>\n\t\t<div class=\"elementor-element elementor-element-72d8982d e-con-full e-flex e-con e-child\" data-id=\"72d8982d\" data-element_type=\"container\" data-e-type=\"container\" data-settings=\"{&quot;jet_parallax_layout_list&quot;:[]}\">\n\t\t\t\t<div class=\"elementor-element elementor-element-7971d31e elementor-widget-mobile__width-initial elementor-widget__width-initial elementor-widget elementor-widget-jet-logo\" data-id=\"7971d31e\" data-element_type=\"widget\" data-e-type=\"widget\" data-widget_type=\"jet-logo.default\">\n\t\t\t\t<div class=\"elementor-widget-container\">\n\t\t\t\t\t<div class=\"elementor-jet-logo jet-blocks\"><div class=\"jet-logo jet-logo-type-both jet-logo-display-block\">\n<a href=\"https:\/\/fenomensassociacio.org\/va\/\" class=\"jet-logo__link\"><img decoding=\"async\" src=\"https:\/\/fenomensassociacio.org\/wp-content\/uploads\/2018\/07\/logo-sin-fondo-colores-recortado.webp\" class=\"jet-logo__img\" alt=\"logo asociacion fenomens\" \/><div class=\"jet-logo__text\">Associaci\u00f3 de persones amb discapacitat intel.lectual<\/div><\/a><\/div><\/div>\t\t\t\t<\/div>\n\t\t\t\t<\/div>\n\t\t\t\t<\/div>\n\t\t<div class=\"elementor-element elementor-element-7aff6461 e-con-full e-flex e-con e-child\" data-id=\"7aff6461\" data-element_type=\"container\" data-e-type=\"container\" data-settings=\"{&quot;jet_parallax_layout_list&quot;:[]}\">\n\t\t\t\t<div class=\"elementor-element elementor-element-1a7fbc63 jet-nav-align-center elementor-widget elementor-widget-jet-nav-menu\" data-id=\"1a7fbc63\" data-element_type=\"widget\" data-e-type=\"widget\" data-widget_type=\"jet-nav-menu.default\">\n\t\t\t\t<div class=\"elementor-widget-container\">\n\t\t\t\t\t<nav class=\"jet-nav-wrap m-layout-mobile jet-mobile-menu jet-mobile-menu--default\" data-mobile-trigger-device=\"mobile\" data-mobile-layout=\"default\">\n<div class=\"jet-nav__mobile-trigger jet-nav-mobile-trigger-align-center\">\n\t<span class=\"jet-nav__mobile-trigger-open jet-blocks-icon\"><svg aria-hidden=\"true\" class=\"e-font-icon-svg e-fas-bars\" viewbox=\"0 0 448 512\" xmlns=\"http:\/\/www.w3.org\/2000\/svg\"><path d=\"M16 132h416c8.837 0 16-7.163 16-16V76c0-8.837-7.163-16-16-16H16C7.163 60 0 67.163 0 76v40c0 8.837 7.163 16 16 16zm0 160h416c8.837 0 16-7.163 16-16v-40c0-8.837-7.163-16-16-16H16c-8.837 0-16 7.163-16 16v40c0 8.837 7.163 16 16 16zm0 160h416c8.837 0 16-7.163 16-16v-40c0-8.837-7.163-16-16-16H16c-8.837 0-16 7.163-16 16v40c0 8.837 7.163 16 16 16z\"><\/path><\/svg><\/span>\t<span class=\"jet-nav__mobile-trigger-close jet-blocks-icon\"><svg aria-hidden=\"true\" class=\"e-font-icon-svg e-fas-times\" viewbox=\"0 0 352 512\" xmlns=\"http:\/\/www.w3.org\/2000\/svg\"><path d=\"M242.72 256l100.07-100.07c12.28-12.28 12.28-32.19 0-44.48l-22.24-22.24c-12.28-12.28-32.19-12.28-44.48 0L176 189.28 75.93 89.21c-12.28-12.28-32.19-12.28-44.48 0L9.21 111.45c-12.28 12.28-12.28 32.19 0 44.48L109.28 256 9.21 356.07c-12.28 12.28-12.28 32.19 0 44.48l22.24 22.24c12.28 12.28 32.2 12.28 44.48 0L176 322.72l100.07 100.07c12.28 12.28 32.2 12.28 44.48 0l22.24-22.24c12.28-12.28 12.28-32.19 0-44.48L242.72 256z\"><\/path><\/svg><\/span><\/div><div class=\"menu-header-menu-container\"><div class=\"jet-nav m-layout-mobile jet-nav--horizontal\"><div class=\"menu-item menu-item-type-post_type menu-item-object-page menu-item-home jet-nav__item-869 jet-nav__item\"><a href=\"https:\/\/fenomensassociacio.org\/va\/\" class=\"menu-item-link menu-item-link-depth-0 menu-item-link-top\"><span class=\"jet-nav-link-text\">Inici<\/span><\/a><\/div>\n<div class=\"menu-item menu-item-type-post_type menu-item-object-page jet-nav__item-1878 jet-nav__item\"><a href=\"https:\/\/fenomensassociacio.org\/va\/historia\/\" class=\"menu-item-link menu-item-link-depth-0 menu-item-link-top\"><span class=\"jet-nav-link-text\">Hist\u00f2ria<\/span><\/a><\/div>\n<div class=\"menu-item menu-item-type-post_type menu-item-object-page jet-nav__item-2115 jet-nav__item\"><a href=\"https:\/\/fenomensassociacio.org\/va\/actividades\/\" class=\"menu-item-link menu-item-link-depth-0 menu-item-link-top\"><span class=\"jet-nav-link-text\">Activitats<\/span><\/a><\/div>\n<div class=\"menu-item menu-item-type-post_type menu-item-object-page jet-nav__item-2732 jet-nav__item\"><a href=\"https:\/\/fenomensassociacio.org\/va\/actualidad\/\" class=\"menu-item-link menu-item-link-depth-0 menu-item-link-top\"><span class=\"jet-nav-link-text\">Actualitat<\/span><\/a><\/div>\n<div class=\"menu-item menu-item-type-post_type menu-item-object-page jet-nav__item-2405 jet-nav__item\"><a href=\"https:\/\/fenomensassociacio.org\/va\/colabora\/\" class=\"menu-item-link menu-item-link-depth-0 menu-item-link-top\"><span class=\"jet-nav-link-text\">Col.labora<\/span><\/a><\/div>\n<div class=\"menu-item menu-item-type-post_type menu-item-object-page jet-nav__item-2008 jet-nav__item\"><a href=\"https:\/\/fenomensassociacio.org\/va\/contacto\/\" class=\"menu-item-link menu-item-link-depth-0 menu-item-link-top\"><span class=\"jet-nav-link-text\">Contacte<\/span><\/a><\/div>\n<\/div><\/div><\/nav>\t\t\t\t<\/div>\n\t\t\t\t<\/div>\n\t\t\t\t<\/div>\n\t\t\t\t<\/div>\n\t\t<div class=\"elementor-element elementor-element-60af110 e-flex e-con-boxed e-con e-parent\" data-id=\"60af110\" data-element_type=\"container\" data-e-type=\"container\" data-settings=\"{&quot;jet_parallax_layout_list&quot;:[]}\">\n\t\t\t\t\t<div class=\"e-con-inner\">\n\t\t\t\t<div class=\"elementor-element elementor-element-bb521f5 elementor-widget elementor-widget-text-editor\" data-id=\"bb521f5\" data-element_type=\"widget\" data-e-type=\"widget\" data-widget_type=\"text-editor.default\">\n\t\t\t\t<div class=\"elementor-widget-container\">\n\t\t\t\t\t\t\t\t\t<div class=\"elementor-element elementor-element-ad519b5 elementor-widget elementor-widget-heading\" data-id=\"ad519b5\" data-element_type=\"widget\" data-widget_type=\"heading.default\"><div class=\"elementor-widget-container\"><h2 class=\"elementor-heading-title elementor-size-default\">Datos identificativos<\/h2><\/div><\/div><div class=\"elementor-element elementor-element-fdd4c0e elementor-widget elementor-widget-text-editor\" data-id=\"fdd4c0e\" data-element_type=\"widget\" data-widget_type=\"text-editor.default\"><div class=\"elementor-widget-container\"><p>1. Est\u00e1s visitando la p\u00e1gina fenomensassociacio.org con domicilio social en Avd de la Llibertat n\u00fam 4 bajos\u00a0 12580 Benicarl\u00f3, Castell\u00f3n, con CIF\u00a0 G12.990.644<\/p><p>La actividad no est\u00e1 sujeta a ning\u00fan r\u00e9gimen de autorizaci\u00f3n administrativa previa.<\/p><p>Puedes contactar con EL TITULAR por cualquiera de los siguientes medios:<\/p><p>Tel\u00e9fono: 638.18.92.59<\/p><p>Correo electr\u00f3nico de contacto: oficina@fenomensassociacio.org<\/p><\/div><\/div><div class=\"elementor-element elementor-element-0e9d9b6 elementor-widget elementor-widget-heading\" data-id=\"0e9d9b6\" data-element_type=\"widget\" data-widget_type=\"heading.default\"><div class=\"elementor-widget-container\"><h2 class=\"elementor-heading-title elementor-size-default\">Hospedaje<\/h2><\/div><\/div><div class=\"elementor-element elementor-element-feedddc elementor-widget elementor-widget-text-editor\" data-id=\"feedddc\" data-element_type=\"widget\" data-widget_type=\"text-editor.default\"><div class=\"elementor-widget-container\"><div class=\"elementor-element elementor-element-b5ef3da elementor-widget elementor-widget-text-editor\" data-id=\"b5ef3da\" data-element_type=\"widget\" data-widget_type=\"text-editor.default\"><div class=\"elementor-widget-container\"><p>Raiola Networks<\/p><p><strong>Tel\u00e9fono:<\/strong>\u00a0 +34 982.77.60.81<\/p><p><strong>Correo electr\u00f3nico de contacto:<\/strong>\u00a0info@raiolanetworks.es<\/p><p><strong style=\"text-align: var(--text-align); letter-spacing: 0px;\">Direcci\u00f3<\/strong><span style=\"text-align: var(--text-align); letter-spacing: 0px;\">\u00a0Avenida de Magoi n\u00ba66, Semis\u00f3tano Derecha, 27002 Lugo Espa\u00f1a<\/span><\/p><\/div><\/div><div class=\"elementor-element elementor-element-4a2320d elementor-widget elementor-widget-text-editor\" data-id=\"4a2320d\" data-element_type=\"widget\" data-widget_type=\"text-editor.default\"><div class=\"elementor-widget-container\"><p>2. Estas condiciones (en adelante Aviso Legal) tienen por finalidad regular el uso de la p\u00e1gina web de EL TITULAR que pone a disposici\u00f3n del p\u00fablico.<br \/>El acceso y\/o uso de esta p\u00e1gina web de EL TITULAR atribuye la condici\u00f3n de USUARIO, que acepta, desde dicho acceso y\/o uso, las condiciones generales de uso aqu\u00ed reflejadas. Estas\u00a0condiciones ser\u00e1n de aplicaci\u00f3n independientemente de las condiciones generales de contrataci\u00f3n que en su caso resulten de obligado cumplimiento.<\/p><\/div><\/div><\/div><\/div><div class=\"elementor-element elementor-element-58308e3 elementor-widget elementor-widget-heading\" data-id=\"58308e3\" data-element_type=\"widget\" data-widget_type=\"heading.default\"><div class=\"elementor-widget-container\"><h2 class=\"elementor-heading-title elementor-size-default\">Uso del portal<\/h2><\/div><\/div><div class=\"elementor-element elementor-element-025a3ff elementor-widget elementor-widget-text-editor\" data-id=\"025a3ff\" data-element_type=\"widget\" data-widget_type=\"text-editor.default\"><div class=\"elementor-widget-container\"><div class=\"elementor-element elementor-element-b5ef3da elementor-widget elementor-widget-text-editor\" data-id=\"b5ef3da\" data-element_type=\"widget\" data-widget_type=\"text-editor.default\"><div class=\"elementor-widget-container\"><p>3. fenomenesassociacio.org proporciona el acceso a multitud de informaciones, servicios, programas o datos (en adelante, \u201clos contenidos\u201d) en Internet pertenecientes a EL TITULAR o a sus licenciantes a los que el USUARIO pueda tener acceso.<\/p><p>El USUARIO asume la responsabilidad del uso del sitio web Fenomensassociacio.org. Dicha responsabilidad se extiende al registro que fuese necesario para acceder a determinados servicios o contenidos. En dicho registro el USUARIO ser\u00e1 responsable de aportar informaci\u00f3n real y l\u00edcita. Como consecuencia de este registro, al USUARIO se le puede entregar una contrase\u00f1a de la que ser\u00e1 responsable, comprometi\u00e9ndose a hacer un uso diligente y confidencial de la misma.<\/p><p>El USUARIO se compromete a hacer un uso adecuado de los contenidos y servicios (p. ej. servicios de chat, foros de discusi\u00f3n o grupos de noticias) que EL TITULAR ofrece a trav\u00e9s de su sitio Fenomensassociacio.org y (con car\u00e1cter enunciativo, pero no limitativo), a no usarlos para:<\/p><ol><li>Realizar actividades il\u00edcitas, ilegales o contrarias a la buena fe y al orden p\u00fablico<\/li><li>Difundir contenidos o propaganda de car\u00e1cter racista, xen\u00f3fobo, pornogr\u00e1fico-ilegal, de apolog\u00eda del terrorismo o atentatorio contra los derechos humanos<\/li><li>Provocar da\u00f1os en los sistemas f\u00edsicos y l\u00f3gicos de El TITULAR, de sus proveedores o de terceras personas, introducir o difundir en la red virus inform\u00e1ticos o cualesquiera otros sistemas f\u00edsicos o l\u00f3gicos que sean susceptibles de provocar los da\u00f1os anteriormente mencionados<\/li><li>Intentar acceder y, en su caso, utilizar las cuentas de correo electr\u00f3nico de otros usuarios y modificar o manipular sus mensajes<\/li><li>Utilizar el sitio web ni las informaciones que en \u00e9l se contienen con fines comerciales, pol\u00edticos, publicitarios y para cualquier uso comercial, sobre todo el env\u00edo de correos electr\u00f3nicos no solicitados.<br \/>EL TITULAR tiene el derecho de retirar todos aquellos comentarios y aportaciones que vulneren el respeto a la dignidad de la persona, que sean discriminatorios, xen\u00f3fobos, racistas, pornogr\u00e1ficos, que atenten contra la juventud o la infancia, el orden o la seguridad p\u00fablica o que, a su juicio, no sean adecuados para su publicaci\u00f3n. En cualquier caso, EL TITULAR no ser\u00e1 responsable de las opiniones vertidas por los usuarios a trav\u00e9s de los foros, chats, u otras herramientas de participaci\u00f3n.<\/li><\/ol><\/div><\/div><\/div><\/div><div class=\"elementor-element elementor-element-135ce4c elementor-widget elementor-widget-heading\" data-id=\"135ce4c\" data-element_type=\"widget\" data-widget_type=\"heading.default\"><div class=\"elementor-widget-container\"><h2 class=\"elementor-heading-title elementor-size-default\">Protecci\u00f3n de datos<\/h2><\/div><\/div><div class=\"elementor-element elementor-element-a779a12 elementor-widget elementor-widget-text-editor\" data-id=\"a779a12\" data-element_type=\"widget\" data-widget_type=\"text-editor.default\"><div class=\"elementor-widget-container\"><div class=\"elementor-element elementor-element-b5ef3da elementor-widget elementor-widget-text-editor\" data-id=\"b5ef3da\" data-element_type=\"widget\" data-widget_type=\"text-editor.default\"><div class=\"elementor-widget-container\"><p>4. Todo lo relativo a la pol\u00edtica de protecci\u00f3n de datos se encuentra recogido en la p\u00e1gina de Pol\u00edtica de cookies (EU).<\/p><\/div><\/div><\/div><\/div><div class=\"elementor-element elementor-element-0a41310 elementor-widget elementor-widget-heading\" data-id=\"0a41310\" data-element_type=\"widget\" data-widget_type=\"heading.default\"><div class=\"elementor-widget-container\"><h2 class=\"elementor-heading-title elementor-size-default\">Contenidos. Propiedad intelectual e industrial<\/h2><\/div><\/div><div class=\"elementor-element elementor-element-2cfa632 elementor-widget elementor-widget-text-editor\" data-id=\"2cfa632\" data-element_type=\"widget\" data-widget_type=\"text-editor.default\"><div class=\"elementor-widget-container\"><div class=\"elementor-element elementor-element-b5ef3da elementor-widget elementor-widget-text-editor\" data-id=\"b5ef3da\" data-element_type=\"widget\" data-widget_type=\"text-editor.default\"><div class=\"elementor-widget-container\"><p>5. EL TITULAR es propietario de todos los derechos de propiedad intelectual e industrial de su p\u00e1gina web, as\u00ed como de los elementos contenidos en la misma (a t\u00edtulo enunciativo: im\u00e1genes, fotograf\u00edas, sonido, audio, v\u00eddeo, software o textos; marcas o logotipos, combinaciones de colores, estructura y dise\u00f1o, selecci\u00f3n de materiales usados, programas de ordenador necesarios para su funcionamiento, acceso y uso, etc.), titularidad del TITULAR o de sus licenciantes.<\/p><p>Todos los derechos reservados. De acuerdo con lo establecido en los art\u00edculos 8 y 32.1, p\u00e1rrafo segundo, de la Ley de Propiedad Intelectual, quedan expresamente prohibidas la reproducci\u00f3n, la distribuci\u00f3n y la comunicaci\u00f3n p\u00fablica, incluida su modalidad de puesta a disposici\u00f3n, de la totalidad o parte de los contenidos de esta p\u00e1gina web, con fines comerciales, en cualquier soporte y por cualquier medio t\u00e9cnico, sin la autorizaci\u00f3n del TITULAR.<\/p><p>El USUARIO se compromete a respetar los derechos de Propiedad Intelectual e Industrial titularidad del TITULAR. Podr\u00e1 visualizar los elementos del sitio fenomensassociacio.org e incluso imprimirlos, copiarlos y almacenarlos en el disco duro de su ordenador o en cualquier otro soporte f\u00edsico siempre y cuando sea, \u00fanica y exclusivamente, para su uso personal y privado. El USUARIO no podr\u00e1 suprimir, alterar, eludir o manipular cualquier dispositivo de protecci\u00f3n o sistema de seguridad que estuviera instalado en las p\u00e1ginas del TITULAR.<\/p><\/div><\/div><\/div><\/div><div class=\"elementor-element elementor-element-09da199 elementor-widget elementor-widget-heading\" data-id=\"09da199\" data-element_type=\"widget\" data-widget_type=\"heading.default\"><div class=\"elementor-widget-container\"><h2 class=\"elementor-heading-title elementor-size-default\">Exclusi\u00f3n de garant\u00edas y responsabilidad<\/h2><\/div><\/div><div class=\"elementor-element elementor-element-f397b08 elementor-widget elementor-widget-text-editor\" data-id=\"f397b08\" data-element_type=\"widget\" data-widget_type=\"text-editor.default\"><div class=\"elementor-widget-container\"><div class=\"elementor-element elementor-element-b5ef3da elementor-widget elementor-widget-text-editor\" data-id=\"b5ef3da\" data-element_type=\"widget\" data-widget_type=\"text-editor.default\"><div class=\"elementor-widget-container\"><p>6. El USUARIO reconoce que la utilizaci\u00f3n de la p\u00e1gina web y de sus contenidos y servicios se desarrolla bajo su \u00fanica responsabilidad. En concreto, a t\u00edtulo meramente enunciativo, EL TITULAR no asume ninguna responsabilidad en los siguientes \u00e1mbitos:\u00a0<\/p><ol><li>La disponibilidad en el funcionamiento de la p\u00e1gina web, sus servicios y contenidos y su calidad o interoperabilidad.<\/li><li>La finalidad para la que la p\u00e1gina web sirva a los objetivos del USUARIO.<\/li><li>La infracci\u00f3n de la legislaci\u00f3n vigente por parte del USUARIO o terceros y, en concreto, de los derechos de propiedad intelectual o industrial que sean propiedad de otras personas o entidades.<\/li><li>La existencia de c\u00f3digos maliciosos o cualquier otro elemento inform\u00e1tico da\u00f1ino que pudiera causar da\u00f1os al sistema inform\u00e1tico del USUARIO o de terceros. Es responsabilidad del USUARIO, en todo caso, disponer de herramientas adecuadas para la detecci\u00f3n y desinfecci\u00f3n de estos elementos.<\/li><li>El acceso fraudulento a los contenidos o servicios por terceros no autorizados, o, en su caso, la captura, eliminaci\u00f3n, alteraci\u00f3n, modificaci\u00f3n o manipulaci\u00f3n de los mensajes y comunicaciones de cualquier clase que dichos terceros pudieran realizar.<\/li><li>La exactitud, veracidad, actualidad y utilidad de los contenidos y servicios ofrecidos y la utilizaci\u00f3n posterior que de ellos haga el USUARIO. EL TITULAR pondr\u00e1 todos los esfuerzos y medios razonables para facilitar la informaci\u00f3n actualizada y fehaciente.<\/li><li>Los da\u00f1os producidos a equipos inform\u00e1ticos durante el acceso a la p\u00e1gina web y los da\u00f1os producidos a los USUARIOS cuando tengan su origen en fallos o desconexiones en las redes de telecomunicaciones que interrumpan el servicio.<\/li><li>Los da\u00f1os o perjuicios que se deriven de circunstancias ocurridas por caso fortuito o fuerza mayor.\u00a0<\/li><\/ol><p>En caso de que existan foros, en el uso de los mismos u otros espacios an\u00e1logos, ha de tenerse en cuenta que, los mensajes reflejan \u00fanicamente la opini\u00f3n del USUARIO que los remite, que es el \u00fanico responsable. EL TITULAR no se hace responsable del contenido de los mensajes enviados por el USUARIO.<\/p><\/div><\/div><\/div><\/div><div class=\"elementor-element elementor-element-c976801 elementor-widget elementor-widget-heading\" data-id=\"c976801\" data-element_type=\"widget\" data-widget_type=\"heading.default\"><div class=\"elementor-widget-container\"><h2 class=\"elementor-heading-title elementor-size-default\">Modificaci\u00f3n de este aviso legal y duraci\u00f3n<\/h2><\/div><\/div><div class=\"elementor-element elementor-element-a04bcbb elementor-widget elementor-widget-text-editor\" data-id=\"a04bcbb\" data-element_type=\"widget\" data-widget_type=\"text-editor.default\"><div class=\"elementor-widget-container\"><div class=\"elementor-element elementor-element-b5ef3da elementor-widget elementor-widget-text-editor\" data-id=\"b5ef3da\" data-element_type=\"widget\" data-widget_type=\"text-editor.default\"><div class=\"elementor-widget-container\"><p>7. EL TITULAR se reserva el derecho de realizar sin previo aviso las modificaciones que considere oportunas en el sitio Fenomensassociacio.org . Pudiendo cambiar, suprimir o a\u00f1adir tanto los contenidos y servicios que se presten a trav\u00e9s de la misma como la forma en la que estos aparezcan presentados o localizados en el sitio Fenomensassociacio.org<br \/>La vigencia de las citadas condiciones ir\u00e1 en funci\u00f3n de su exposici\u00f3n y estar\u00e1n vigentes hasta que sean modificadas por otras debidamente publicadas.<\/p><\/div><\/div><\/div><\/div><div class=\"elementor-element elementor-element-efa7dae elementor-widget elementor-widget-heading\" data-id=\"efa7dae\" data-element_type=\"widget\" data-widget_type=\"heading.default\"><div class=\"elementor-widget-container\"><h2 class=\"elementor-heading-title elementor-size-default\">Enlaces<\/h2><\/div><\/div><div class=\"elementor-element elementor-element-87c267d elementor-widget elementor-widget-text-editor\" data-id=\"87c267d\" data-element_type=\"widget\" data-widget_type=\"text-editor.default\"><div class=\"elementor-widget-container\"><div class=\"elementor-element elementor-element-b5ef3da elementor-widget elementor-widget-text-editor\" data-id=\"b5ef3da\" data-element_type=\"widget\" data-widget_type=\"text-editor.default\"><div class=\"elementor-widget-container\"><p>8. En el caso de que en fenomensassocio.org se incluyesen enlaces o hiperv\u00ednculos a otros sitios de Internet, EL TITULAR no ejercer\u00e1 ning\u00fan tipo de control sobre dichos sitios y contenidos. En ning\u00fan caso EL TITULAR asumir\u00e1 responsabilidad alguna por los contenidos de alg\u00fan enlace perteneciente a un sitio web ajeno, ni garantizar\u00e1 la disponibilidad t\u00e9cnica, calidad, fiabilidad, exactitud, amplitud, veracidad, validez y constitucionalidad de cualquier material o informaci\u00f3n contenido en ninguno de dichos hiperv\u00ednculos u otros sitios de Internet. Igualmente, la inclusi\u00f3n de estas conexiones externas no implicar\u00e1 ning\u00fan tipo de asociaci\u00f3n, fusi\u00f3n o participaci\u00f3n con las entidades conectadas.<\/p><\/div><\/div><\/div><\/div><div class=\"elementor-element elementor-element-84402b3 elementor-widget elementor-widget-heading\" data-id=\"84402b3\" data-element_type=\"widget\" data-widget_type=\"heading.default\"><div class=\"elementor-widget-container\"><h2 class=\"elementor-heading-title elementor-size-default\">Derecho de exclusi\u00f3n<\/h2><\/div><\/div><div class=\"elementor-element elementor-element-11d38a0 elementor-widget elementor-widget-text-editor\" data-id=\"11d38a0\" data-element_type=\"widget\" data-widget_type=\"text-editor.default\"><div class=\"elementor-widget-container\"><div class=\"elementor-element elementor-element-b5ef3da elementor-widget elementor-widget-text-editor\" data-id=\"b5ef3da\" data-element_type=\"widget\" data-widget_type=\"text-editor.default\"><div class=\"elementor-widget-container\"><p>9. EL TITULAR se reserva el derecho a denegar o retirar el acceso al sitio web fenomensassociacio.org y\/o los servicios ofrecidos, sin necesidad de advertencia previa, a instancia propia o de un tercero, a aquellos usuarios que incumplan el contenido de este aviso legal.<\/p><\/div><\/div><\/div><\/div><div class=\"elementor-element elementor-element-5f6cb19 elementor-widget elementor-widget-heading\" data-id=\"5f6cb19\" data-element_type=\"widget\" data-widget_type=\"heading.default\"><div class=\"elementor-widget-container\"><h2 class=\"elementor-heading-title elementor-size-default\">Generalidades<\/h2><\/div><\/div><div class=\"elementor-element elementor-element-8ba553f elementor-widget elementor-widget-text-editor\" data-id=\"8ba553f\" data-element_type=\"widget\" data-widget_type=\"text-editor.default\"><div class=\"elementor-widget-container\"><div class=\"elementor-element elementor-element-b5ef3da elementor-widget elementor-widget-text-editor\" data-id=\"b5ef3da\" data-element_type=\"widget\" data-widget_type=\"text-editor.default\"><div class=\"elementor-widget-container\"><p>10. EL TITULAR perseguir\u00e1 el incumplimiento de estas condiciones, as\u00ed como cualquier utilizaci\u00f3n indebida del sitio web fenomensassociacio.org, ejerciendo todas las acciones civiles y penales que le puedan corresponder en derecho.<\/p><\/div><\/div><\/div><\/div><div class=\"elementor-element elementor-element-0d10ade elementor-widget elementor-widget-heading\" data-id=\"0d10ade\" data-element_type=\"widget\" data-widget_type=\"heading.default\"><div class=\"elementor-widget-container\"><h2 class=\"elementor-heading-title elementor-size-default\">Legislaci\u00f3n aplicable y jurisdicci\u00f3n<\/h2><\/div><\/div><div class=\"elementor-element elementor-element-a48b169 elementor-widget elementor-widget-text-editor\" data-id=\"a48b169\" data-element_type=\"widget\" data-widget_type=\"text-editor.default\"><div class=\"elementor-widget-container\"><div class=\"elementor-element elementor-element-b5ef3da elementor-widget elementor-widget-text-editor\" data-id=\"b5ef3da\" data-element_type=\"widget\" data-widget_type=\"text-editor.default\"><div class=\"elementor-widget-container\"><p>11. La relaci\u00f3n entre EL TITULAR y el USUARIO se regir\u00e1 por la normativa espa\u00f1ola vigente. Todas las disputas y reclamaciones derivadas de este aviso legal se resolver\u00e1n por los juzgados y tribunales competentes.<\/p><p>Esta pol\u00edtica de cookies fue\u00a0<strong>actualizada<\/strong>\u00a0el d\u00eda\u00a0<strong>22 de febrero de 2023<\/strong>\u00a0para adaptarse al Reglamento (UE) 2016\/679 del Parlamento Europeo y del Consejo, de 27 de abril de 2016, relativo a la protecci\u00f3n de las personas f\u00edsicas en lo que respecta al tratamiento de datos personales y a la libre circulaci\u00f3n de estos datos (RGPD).<\/p><\/div><\/div><\/div><\/div>\t\t\t\t\t\t\t\t<\/div>\n\t\t\t\t<\/div>\n\t\t\t\t\t<\/div>\n\t\t\t\t<\/div>\n\t\t<div class=\"elementor-element elementor-element-55de0ad7 e-flex e-con-boxed e-con e-parent\" data-id=\"55de0ad7\" data-element_type=\"container\" data-e-type=\"container\" data-settings=\"{&quot;background_background&quot;:&quot;classic&quot;,&quot;jet_parallax_layout_list&quot;:[],&quot;shape_divider_top&quot;:&quot;waves&quot;}\">\n\t\t\t\t\t<div class=\"e-con-inner\">\n\t\t\t\t<div class=\"elementor-shape elementor-shape-top\" aria-hidden=\"true\" data-negative=\"false\">\n\t\t\t<svg xmlns=\"http:\/\/www.w3.org\/2000\/svg\" viewbox=\"0 0 1000 100\" preserveaspectratio=\"none\">\n\t<path class=\"elementor-shape-fill\" d=\"M421.9,6.5c22.6-2.5,51.5,0.4,75.5,5.3c23.6,4.9,70.9,23.5,100.5,35.7c75.8,32.2,133.7,44.5,192.6,49.7\tc23.6,2.1,48.7,3.5,103.4-2.5c54.7-6,106.2-25.6,106.2-25.6V0H0v30.3c0,0,72,32.6,158.4,30.5c39.2-0.7,92.8-6.7,134-22.4\tc21.2-8.1,52.2-18.2,79.7-24.2C399.3,7.9,411.6,7.5,421.9,6.5z\"\/>\n<\/svg>\t\t<\/div>\n\t\t<div class=\"elementor-element elementor-element-554218d1 e-con-full e-flex e-con e-child\" data-id=\"554218d1\" data-element_type=\"container\" data-e-type=\"container\" data-settings=\"{&quot;jet_parallax_layout_list&quot;:[]}\">\n\t\t\t\t<div class=\"elementor-element elementor-element-5fa5d982 elementor-widget elementor-widget-heading\" data-id=\"5fa5d982\" data-element_type=\"widget\" data-e-type=\"widget\" data-widget_type=\"heading.default\">\n\t\t\t\t<div class=\"elementor-widget-container\">\n\t\t\t\t\t<h4 class=\"elementor-heading-title elementor-size-default\">SOBRE NOSALTRES<\/h4>\t\t\t\t<\/div>\n\t\t\t\t<\/div>\n\t\t\t\t<div class=\"elementor-element elementor-element-3cfc1993 elementor-drop-cap-yes elementor-drop-cap-view-default elementor-widget elementor-widget-text-editor\" data-id=\"3cfc1993\" data-element_type=\"widget\" data-e-type=\"widget\" data-settings=\"{&quot;drop_cap&quot;:&quot;yes&quot;}\" data-widget_type=\"text-editor.default\">\n\t\t\t\t<div class=\"elementor-widget-container\">\n\t\t\t\t\t\t\t\t\t<p>El col\u00b7lectiu FEN\u00d2MENS va n\u00e9ixer a l'any 2017 per una necessitat vital per a moltes fam\u00edlies: donar resposta a les necessitats de l'oci, la inserci\u00f3 laboral, i de socialitzaci\u00f3 dels seus fills i filles amb discapacitat intel\u00b7lectual, que havia experimentat el rebuig social<\/p>\t\t\t\t\t\t\t\t<\/div>\n\t\t\t\t<\/div>\n\t\t\t\t<\/div>\n\t\t<div class=\"elementor-element elementor-element-28f97800 e-con-full e-flex e-con e-child\" data-id=\"28f97800\" data-element_type=\"container\" data-e-type=\"container\" data-settings=\"{&quot;jet_parallax_layout_list&quot;:[]}\">\n\t\t\t\t<div class=\"elementor-element elementor-element-43f2467 elementor-widget elementor-widget-heading\" data-id=\"43f2467\" data-element_type=\"widget\" data-e-type=\"widget\" data-widget_type=\"heading.default\">\n\t\t\t\t<div class=\"elementor-widget-container\">\n\t\t\t\t\t<h4 class=\"elementor-heading-title elementor-size-default\">CONTACTE<\/h4>\t\t\t\t<\/div>\n\t\t\t\t<\/div>\n\t\t\t\t<div class=\"elementor-element elementor-element-ee79703 elementor-icon-list--layout-traditional elementor-list-item-link-full_width elementor-widget elementor-widget-icon-list\" data-id=\"ee79703\" data-element_type=\"widget\" data-e-type=\"widget\" data-widget_type=\"icon-list.default\">\n\t\t\t\t<div class=\"elementor-widget-container\">\n\t\t\t\t\t\t\t<ul class=\"elementor-icon-list-items\">\n\t\t\t\t\t\t\t<li class=\"elementor-icon-list-item\">\n\t\t\t\t\t\t\t\t\t\t\t<span class=\"elementor-icon-list-icon\">\n\t\t\t\t\t\t\t<svg aria-hidden=\"true\" class=\"e-font-icon-svg e-fas-phone-alt\" viewbox=\"0 0 512 512\" xmlns=\"http:\/\/www.w3.org\/2000\/svg\"><path d=\"M497.39 361.8l-112-48a24 24 0 0 0-28 6.9l-49.6 60.6A370.66 370.66 0 0 1 130.6 204.11l60.6-49.6a23.94 23.94 0 0 0 6.9-28l-48-112A24.16 24.16 0 0 0 122.6.61l-104 24A24 24 0 0 0 0 48c0 256.5 207.9 464 464 464a24 24 0 0 0 23.4-18.6l24-104a24.29 24.29 0 0 0-14.01-27.6z\"><\/path><\/svg>\t\t\t\t\t\t<\/span>\n\t\t\t\t\t\t\t\t\t\t<span class=\"elementor-icon-list-text\">638 18 92 59 \/ 669 39 56 37(Pili)<\/span>\n\t\t\t\t\t\t\t\t\t<\/li>\n\t\t\t\t\t\t\t\t<li class=\"elementor-icon-list-item\">\n\t\t\t\t\t\t\t\t\t\t\t<span class=\"elementor-icon-list-icon\">\n\t\t\t\t\t\t\t<svg aria-hidden=\"true\" class=\"e-font-icon-svg e-fas-phone-alt\" viewbox=\"0 0 512 512\" xmlns=\"http:\/\/www.w3.org\/2000\/svg\"><path d=\"M497.39 361.8l-112-48a24 24 0 0 0-28 6.9l-49.6 60.6A370.66 370.66 0 0 1 130.6 204.11l60.6-49.6a23.94 23.94 0 0 0 6.9-28l-48-112A24.16 24.16 0 0 0 122.6.61l-104 24A24 24 0 0 0 0 48c0 256.5 207.9 464 464 464a24 24 0 0 0 23.4-18.6l24-104a24.29 24.29 0 0 0-14.01-27.6z\"><\/path><\/svg>\t\t\t\t\t\t<\/span>\n\t\t\t\t\t\t\t\t\t\t<span class=\"elementor-icon-list-text\">964 29 73 44<\/span>\n\t\t\t\t\t\t\t\t\t<\/li>\n\t\t\t\t\t\t\t\t<li class=\"elementor-icon-list-item\">\n\t\t\t\t\t\t\t\t\t\t\t<span class=\"elementor-icon-list-icon\">\n\t\t\t\t\t\t\t<svg aria-hidden=\"true\" class=\"e-font-icon-svg e-fas-envelope\" viewbox=\"0 0 512 512\" xmlns=\"http:\/\/www.w3.org\/2000\/svg\"><path d=\"M502.3 190.8c3.9-3.1 9.7-.2 9.7 4.7V400c0 26.5-21.5 48-48 48H48c-26.5 0-48-21.5-48-48V195.6c0-5 5.7-7.8 9.7-4.7 22.4 17.4 52.1 39.5 154.1 113.6 21.1 15.4 56.7 47.8 92.2 47.6 35.7.3 72-32.8 92.3-47.6 102-74.1 131.6-96.3 154-113.7zM256 320c23.2.4 56.6-29.2 73.4-41.4 132.7-96.3 142.8-104.7 173.4-128.7 5.8-4.5 9.2-11.5 9.2-18.9v-19c0-26.5-21.5-48-48-48H48C21.5 64 0 85.5 0 112v19c0 7.4 3.4 14.3 9.2 18.9 30.6 23.9 40.7 32.4 173.4 128.7 16.8 12.2 50.2 41.8 73.4 41.4z\"><\/path><\/svg>\t\t\t\t\t\t<\/span>\n\t\t\t\t\t\t\t\t\t\t<span class=\"elementor-icon-list-text\">oficina@fenomensassociacio.org<\/span>\n\t\t\t\t\t\t\t\t\t<\/li>\n\t\t\t\t\t\t\t\t<li class=\"elementor-icon-list-item\">\n\t\t\t\t\t\t\t\t\t\t\t<span class=\"elementor-icon-list-icon\">\n\t\t\t\t\t\t\t<svg aria-hidden=\"true\" class=\"e-font-icon-svg e-fas-map-marker-alt\" viewbox=\"0 0 384 512\" xmlns=\"http:\/\/www.w3.org\/2000\/svg\"><path d=\"M172.268 501.67C26.97 291.031 0 269.413 0 192 0 85.961 85.961 0 192 0s192 85.961 192 192c0 77.413-26.97 99.031-172.268 309.67-9.535 13.774-29.93 13.773-39.464 0zM192 272c44.183 0 80-35.817 80-80s-35.817-80-80-80-80 35.817-80 80 35.817 80 80 80z\"><\/path><\/svg>\t\t\t\t\t\t<\/span>\n\t\t\t\t\t\t\t\t\t\t<span class=\"elementor-icon-list-text\">Avinguda de la Llibert, 34 sota 12580 Benicarl\u00f3, Castell\u00f3<\/span>\n\t\t\t\t\t\t\t\t\t<\/li>\n\t\t\t\t\t\t<\/ul>\n\t\t\t\t\t\t<\/div>\n\t\t\t\t<\/div>\n\t\t\t\t<\/div>\n\t\t<div class=\"elementor-element elementor-element-78c53cc2 e-con-full e-flex e-con e-child\" data-id=\"78c53cc2\" data-element_type=\"container\" data-e-type=\"container\" data-settings=\"{&quot;jet_parallax_layout_list&quot;:[]}\">\n\t\t\t\t<div class=\"elementor-element elementor-element-5e1485c0 elementor-widget elementor-widget-heading\" data-id=\"5e1485c0\" data-element_type=\"widget\" data-e-type=\"widget\" data-widget_type=\"heading.default\">\n\t\t\t\t<div class=\"elementor-widget-container\">\n\t\t\t\t\t<h4 class=\"elementor-heading-title elementor-size-default\">TRANSPAR\u00c8NCIA<\/h4>\t\t\t\t<\/div>\n\t\t\t\t<\/div>\n\t\t\t\t<div class=\"elementor-element elementor-element-1cb2068f elementor-widget elementor-widget-jet-mega-menu\" data-id=\"1cb2068f\" data-element_type=\"widget\" data-e-type=\"widget\" data-widget_type=\"jet-mega-menu.default\">\n\t\t\t\t<div class=\"elementor-widget-container\">\n\t\t\t\t\t<div class=\"jet-mega-menu jet-mega-menu--layout-horizontal jet-mega-menu--sub-position-right jet-mega-menu--dropdown-layout-default jet-mega-menu--dropdown-position-center jet-mega-menu--animation-none jet-mega-menu--location-elementor    jet-mega-menu--fill-svg-icons\" data-settings='{\"menuId\":\"11\",\"menuUniqId\":\"69f0e4187f271\",\"rollUp\":false,\"megaAjaxLoad\":false,\"layout\":\"horizontal\",\"subEvent\":\"hover\",\"subCloseBehavior\":\"mouseleave\",\"mouseLeaveDelay\":500,\"subTrigger\":\"item\",\"subPosition\":\"right\",\"megaWidthType\":\"container\",\"megaWidthSelector\":\"\",\"breakpoint\":0,\"signatures\":[]}'><div class=\"jet-mega-menu-toggle\" role=\"button\" tabindex=\"0\" aria-label=\"Obrir\/Tancar El Men\u00fa\"><div class=\"jet-mega-menu-toggle-icon jet-mega-menu-toggle-icon--default-state\"><svg class=\"e-font-icon-svg e-fas-bars\" viewbox=\"0 0 448 512\" xmlns=\"http:\/\/www.w3.org\/2000\/svg\"><path d=\"M16 132h416c8.837 0 16-7.163 16-16V76c0-8.837-7.163-16-16-16H16C7.163 60 0 67.163 0 76v40c0 8.837 7.163 16 16 16zm0 160h416c8.837 0 16-7.163 16-16v-40c0-8.837-7.163-16-16-16H16c-8.837 0-16 7.163-16 16v40c0 8.837 7.163 16 16 16zm0 160h416c8.837 0 16-7.163 16-16v-40c0-8.837-7.163-16-16-16H16c-8.837 0-16 7.163-16 16v40c0 8.837 7.163 16 16 16z\"><\/path><\/svg><\/div><div class=\"jet-mega-menu-toggle-icon jet-mega-menu-toggle-icon--opened-state\"><svg class=\"e-font-icon-svg e-fas-times\" viewbox=\"0 0 352 512\" xmlns=\"http:\/\/www.w3.org\/2000\/svg\"><path d=\"M242.72 256l100.07-100.07c12.28-12.28 12.28-32.19 0-44.48l-22.24-22.24c-12.28-12.28-32.19-12.28-44.48 0L176 189.28 75.93 89.21c-12.28-12.28-32.19-12.28-44.48 0L9.21 111.45c-12.28 12.28-12.28 32.19 0 44.48L109.28 256 9.21 356.07c-12.28 12.28-12.28 32.19 0 44.48l22.24 22.24c12.28 12.28 32.2 12.28 44.48 0L176 322.72l100.07 100.07c12.28 12.28 32.2 12.28 44.48 0l22.24-22.24c12.28-12.28 12.28-32.19 0-44.48L242.72 256z\"><\/path><\/svg><\/div><\/div><nav class=\"jet-mega-menu-container\" aria-label=\"Main nav\"><ul class=\"jet-mega-menu-list\"><li id=\"jet-mega-menu-item-4495\" class=\"jet-mega-menu-item jet-mega-menu-item-type-post_type jet-mega-menu-item-object-page jet-mega-menu-item--default jet-mega-menu-item--top-level jet-mega-menu-item-4495\"><div class=\"jet-mega-menu-item__inner\"><a href=\"https:\/\/fenomensassociacio.org\/va\/politica-de-cookies-ue\/\" class=\"jet-mega-menu-item__link jet-mega-menu-item__link--top-level\"><div class=\"jet-mega-menu-item__title\"><div class=\"jet-mega-menu-item__label\">Pol\u00edtica de cookies (EU)<\/div><\/div><\/a><\/div><\/li>\n<li id=\"jet-mega-menu-item-3374\" class=\"jet-mega-menu-item jet-mega-menu-item-type-post_type jet-mega-menu-item-object-page jet-mega-menu-item--default jet-mega-menu-item--top-level jet-mega-menu-item-3374\"><div class=\"jet-mega-menu-item__inner\"><a href=\"https:\/\/fenomensassociacio.org\/va\/aviso-legal\/\" class=\"jet-mega-menu-item__link jet-mega-menu-item__link--top-level\"><div class=\"jet-mega-menu-item__title\"><div class=\"jet-mega-menu-item__label\">Av\u00eds Legal<\/div><\/div><\/a><\/div><\/li>\n<li id=\"jet-mega-menu-item-3391\" class=\"jet-mega-menu-item jet-mega-menu-item-type-post_type jet-mega-menu-item-object-page jet-mega-menu-item--default jet-mega-menu-item--top-level jet-mega-menu-item-3391\"><div class=\"jet-mega-menu-item__inner\"><a href=\"https:\/\/fenomensassociacio.org\/va\/terminos-y-condiciones\/\" class=\"jet-mega-menu-item__link jet-mega-menu-item__link--top-level\"><div class=\"jet-mega-menu-item__title\"><div class=\"jet-mega-menu-item__label\">Termes i condicions<\/div><\/div><\/a><\/div><\/li>\n<li id=\"jet-mega-menu-item-3383\" class=\"jet-mega-menu-item jet-mega-menu-item-type-post_type jet-mega-menu-item-object-page jet-mega-menu-item--default jet-mega-menu-item--top-level jet-mega-menu-item-3383\"><div class=\"jet-mega-menu-item__inner\"><a href=\"https:\/\/fenomensassociacio.org\/va\/declaracion-accesibilidad\/\" class=\"jet-mega-menu-item__link jet-mega-menu-item__link--top-level\"><div class=\"jet-mega-menu-item__title\"><div class=\"jet-mega-menu-item__label\">Declaraci\u00f3 d'accessibilitat<\/div><\/div><\/a><\/div><\/li>\n<\/ul><\/nav><\/div>\t\t\t\t<\/div>\n\t\t\t\t<\/div>\n\t\t\t\t<\/div>\n\t\t<div class=\"elementor-element elementor-element-4826917f e-con-full e-flex e-con e-child\" data-id=\"4826917f\" data-element_type=\"container\" data-e-type=\"container\" data-settings=\"{&quot;jet_parallax_layout_list&quot;:[]}\">\n\t\t\t\t<div class=\"elementor-element elementor-element-32d6d370 elementor-widget elementor-widget-heading\" data-id=\"32d6d370\" data-element_type=\"widget\" data-e-type=\"widget\" data-widget_type=\"heading.default\">\n\t\t\t\t<div class=\"elementor-widget-container\">\n\t\t\t\t\t<h4 class=\"elementor-heading-title elementor-size-default\">LES NOSTRES XARXES<\/h4>\t\t\t\t<\/div>\n\t\t\t\t<\/div>\n\t\t\t\t<div class=\"elementor-element elementor-element-2734f6c4 elementor-shape-circle e-grid-align-left elementor-grid-0 elementor-widget elementor-widget-social-icons\" data-id=\"2734f6c4\" data-element_type=\"widget\" data-e-type=\"widget\" data-widget_type=\"social-icons.default\">\n\t\t\t\t<div class=\"elementor-widget-container\">\n\t\t\t\t\t\t\t<div class=\"elementor-social-icons-wrapper elementor-grid\" role=\"list\">\n\t\t\t\t\t\t\t<span class=\"elementor-grid-item\" role=\"listitem\">\n\t\t\t\t\t<a class=\"elementor-icon elementor-social-icon elementor-social-icon-instagram elementor-repeater-item-49479f6\" href=\"https:\/\/www.instagram.com\/associacio_fenomens\/p\/DDjl2kbIsrU\/?img_index=1\" target=\"_blank\">\n\t\t\t\t\t\t<span class=\"elementor-screen-only\">Instagram<\/span>\n\t\t\t\t\t\t<svg aria-hidden=\"true\" class=\"e-font-icon-svg e-fab-instagram\" viewbox=\"0 0 448 512\" xmlns=\"http:\/\/www.w3.org\/2000\/svg\"><path d=\"M224.1 141c-63.6 0-114.9 51.3-114.9 114.9s51.3 114.9 114.9 114.9S339 319.5 339 255.9 287.7 141 224.1 141zm0 189.6c-41.1 0-74.7-33.5-74.7-74.7s33.5-74.7 74.7-74.7 74.7 33.5 74.7 74.7-33.6 74.7-74.7 74.7zm146.4-194.3c0 14.9-12 26.8-26.8 26.8-14.9 0-26.8-12-26.8-26.8s12-26.8 26.8-26.8 26.8 12 26.8 26.8zm76.1 27.2c-1.7-35.9-9.9-67.7-36.2-93.9-26.2-26.2-58-34.4-93.9-36.2-37-2.1-147.9-2.1-184.9 0-35.8 1.7-67.6 9.9-93.9 36.1s-34.4 58-36.2 93.9c-2.1 37-2.1 147.9 0 184.9 1.7 35.9 9.9 67.7 36.2 93.9s58 34.4 93.9 36.2c37 2.1 147.9 2.1 184.9 0 35.9-1.7 67.7-9.9 93.9-36.2 26.2-26.2 34.4-58 36.2-93.9 2.1-37 2.1-147.8 0-184.8zM398.8 388c-7.8 19.6-22.9 34.7-42.6 42.6-29.5 11.7-99.5 9-132.1 9s-102.7 2.6-132.1-9c-19.6-7.8-34.7-22.9-42.6-42.6-11.7-29.5-9-99.5-9-132.1s-2.6-102.7 9-132.1c7.8-19.6 22.9-34.7 42.6-42.6 29.5-11.7 99.5-9 132.1-9s102.7-2.6 132.1 9c19.6 7.8 34.7 22.9 42.6 42.6 11.7 29.5 9 99.5 9 132.1s2.7 102.7-9 132.1z\"><\/path><\/svg>\t\t\t\t\t<\/a>\n\t\t\t\t<\/span>\n\t\t\t\t\t\t\t<span class=\"elementor-grid-item\" role=\"listitem\">\n\t\t\t\t\t<a class=\"elementor-icon elementor-social-icon elementor-social-icon-facebook elementor-repeater-item-f9e8fa5\" href=\"https:\/\/www.facebook.com\/elsfenomens\/?locale=es_ES\" target=\"_blank\">\n\t\t\t\t\t\t<span class=\"elementor-screen-only\">Facebook<\/span>\n\t\t\t\t\t\t<svg aria-hidden=\"true\" class=\"e-font-icon-svg e-fab-facebook\" viewbox=\"0 0 512 512\" xmlns=\"http:\/\/www.w3.org\/2000\/svg\"><path d=\"M504 256C504 119 393 8 256 8S8 119 8 256c0 123.78 90.69 226.38 209.25 245V327.69h-63V256h63v-54.64c0-62.15 37-96.48 93.67-96.48 27.14 0 55.52 4.84 55.52 4.84v61h-31.28c-30.8 0-40.41 19.12-40.41 38.73V256h68.78l-11 71.69h-57.78V501C413.31 482.38 504 379.78 504 256z\"><\/path><\/svg>\t\t\t\t\t<\/a>\n\t\t\t\t<\/span>\n\t\t\t\t\t<\/div>\n\t\t\t\t\t\t<\/div>\n\t\t\t\t<\/div>\n\t\t\t\t<div class=\"elementor-element elementor-element-471a21d3 elementor-widget elementor-widget-heading\" data-id=\"471a21d3\" data-element_type=\"widget\" data-e-type=\"widget\" data-widget_type=\"heading.default\">\n\t\t\t\t<div class=\"elementor-widget-container\">\n\t\t\t\t\t<h2 class=\"elementor-heading-title elementor-size-default\">HORARI<\/h2>\t\t\t\t<\/div>\n\t\t\t\t<\/div>\n\t\t\t\t<div class=\"elementor-element elementor-element-7d29ba54 elementor-widget elementor-widget-text-editor\" data-id=\"7d29ba54\" data-element_type=\"widget\" data-e-type=\"widget\" data-widget_type=\"text-editor.default\">\n\t\t\t\t<div class=\"elementor-widget-container\">\n\t\t\t\t\t\t\t\t\t<p>De dilluns a divendres<\/p><p>\u00a0<\/p>\t\t\t\t\t\t\t\t<\/div>\n\t\t\t\t<\/div>\n\t\t\t\t<div class=\"elementor-element elementor-element-4181c847 elementor-widget elementor-widget-text-editor\" data-id=\"4181c847\" data-element_type=\"widget\" data-e-type=\"widget\" data-widget_type=\"text-editor.default\">\n\t\t\t\t<div class=\"elementor-widget-container\">\n\t\t\t\t\t\t\t\t\t<p>De 16:30 a 19:00<\/p>\t\t\t\t\t\t\t\t<\/div>\n\t\t\t\t<\/div>\n\t\t\t\t<\/div>\n\t\t\t\t\t<\/div>\n\t\t\t\t<\/div>\n\t\t\t\t<\/div>","protected":false},"excerpt":{"rendered":"<p>Associaci\u00f3 de persones amb discapacitat intel.lectual Inicio Historia Actividades Actualidad Colabora Contacto Datos identificativos 1. Est\u00e1s visitando la p\u00e1gina fenomensassociacio.org con domicilio social en Avd de la Llibertat n\u00fam 4 bajos\u00a0 12580 Benicarl\u00f3, Castell\u00f3n, con CIF\u00a0 G12.990.644 La actividad no est\u00e1 sujeta a ning\u00fan r\u00e9gimen de autorizaci\u00f3n administrativa previa. Puedes contactar con EL TITULAR por [&hellip;]<\/p>\n","protected":false},"author":1,"featured_media":0,"parent":0,"menu_order":0,"comment_status":"closed","ping_status":"closed","template":"elementor_canvas","meta":{"footnotes":""},"class_list":["post-3362","page","type-page","status-publish","hentry"],"yoast_head":"<!-- This site is optimized with the Yoast SEO plugin v27.4 - https:\/\/yoast.com\/product\/yoast-seo-wordpress\/ -->\n<title>Aviso legal - Fenomens<\/title>\n<meta name=\"description\" content=\"Aviso legal\" \/>\n<meta name=\"robots\" content=\"index, follow, max-snippet:-1, max-image-preview:large, max-video-preview:-1\" \/>\n<link rel=\"canonical\" href=\"https:\/\/fenomensassociacio.org\/va\/aviso-legal\/\" \/>\n<meta property=\"og:locale\" content=\"ca_ES\" \/>\n<meta property=\"og:type\" content=\"article\" \/>\n<meta property=\"og:title\" content=\"Aviso legal - Fenomens\" \/>\n<meta property=\"og:description\" content=\"Aviso legal\" \/>\n<meta property=\"og:url\" content=\"https:\/\/fenomensassociacio.org\/va\/aviso-legal\/\" \/>\n<meta property=\"og:site_name\" content=\"Fenomens\" \/>\n<meta property=\"article:publisher\" content=\"https:\/\/www.facebook.com\/elsfenomens\/?locale=es_ES\" \/>\n<meta property=\"article:modified_time\" content=\"2025-09-25T10:18:16+00:00\" \/>\n<meta property=\"og:image\" content=\"https:\/\/fenomensassociacio.org\/wp-content\/uploads\/2018\/07\/logo-sin-fondo-colores-recortado.webp\" \/>\n<meta name=\"twitter:card\" content=\"summary_large_image\" \/>\n<meta name=\"twitter:label1\" content=\"Temps estimat de lectura\" \/>\n\t<meta name=\"twitter:data1\" content=\"21 minuts\" \/>\n<script type=\"application\/ld+json\" class=\"yoast-schema-graph\">{\"@context\":\"https:\\\/\\\/schema.org\",\"@graph\":[{\"@type\":\"WebPage\",\"@id\":\"https:\\\/\\\/fenomensassociacio.org\\\/aviso-legal\\\/\",\"url\":\"https:\\\/\\\/fenomensassociacio.org\\\/aviso-legal\\\/\",\"name\":\"Aviso legal - Fenomens\",\"isPartOf\":{\"@id\":\"https:\\\/\\\/fenomensassociacio.org\\\/#website\"},\"primaryImageOfPage\":{\"@id\":\"https:\\\/\\\/fenomensassociacio.org\\\/aviso-legal\\\/#primaryimage\"},\"image\":{\"@id\":\"https:\\\/\\\/fenomensassociacio.org\\\/aviso-legal\\\/#primaryimage\"},\"thumbnailUrl\":\"https:\\\/\\\/fenomensassociacio.org\\\/wp-content\\\/uploads\\\/2018\\\/07\\\/logo-sin-fondo-colores-recortado.webp\",\"datePublished\":\"2025-01-11T15:55:43+00:00\",\"dateModified\":\"2025-09-25T10:18:16+00:00\",\"description\":\"Aviso legal\",\"breadcrumb\":{\"@id\":\"https:\\\/\\\/fenomensassociacio.org\\\/aviso-legal\\\/#breadcrumb\"},\"inLanguage\":\"ca\",\"potentialAction\":[{\"@type\":\"ReadAction\",\"target\":[\"https:\\\/\\\/fenomensassociacio.org\\\/aviso-legal\\\/\"]}]},{\"@type\":\"ImageObject\",\"inLanguage\":\"ca\",\"@id\":\"https:\\\/\\\/fenomensassociacio.org\\\/aviso-legal\\\/#primaryimage\",\"url\":\"https:\\\/\\\/fenomensassociacio.org\\\/wp-content\\\/uploads\\\/2018\\\/07\\\/logo-sin-fondo-colores-recortado.webp\",\"contentUrl\":\"https:\\\/\\\/fenomensassociacio.org\\\/wp-content\\\/uploads\\\/2018\\\/07\\\/logo-sin-fondo-colores-recortado.webp\"},{\"@type\":\"BreadcrumbList\",\"@id\":\"https:\\\/\\\/fenomensassociacio.org\\\/aviso-legal\\\/#breadcrumb\",\"itemListElement\":[{\"@type\":\"ListItem\",\"position\":1,\"name\":\"Portada\",\"item\":\"https:\\\/\\\/fenomensassociacio.org\\\/\"},{\"@type\":\"ListItem\",\"position\":2,\"name\":\"Aviso legal\"}]},{\"@type\":\"WebSite\",\"@id\":\"https:\\\/\\\/fenomensassociacio.org\\\/#website\",\"url\":\"https:\\\/\\\/fenomensassociacio.org\\\/\",\"name\":\"Fenomens\",\"description\":\"Associaci\u00f3 de persones amb discapacitat intel.lectual\",\"publisher\":{\"@id\":\"https:\\\/\\\/fenomensassociacio.org\\\/#organization\"},\"potentialAction\":[{\"@type\":\"SearchAction\",\"target\":{\"@type\":\"EntryPoint\",\"urlTemplate\":\"https:\\\/\\\/fenomensassociacio.org\\\/?s={search_term_string}\"},\"query-input\":{\"@type\":\"PropertyValueSpecification\",\"valueRequired\":true,\"valueName\":\"search_term_string\"}}],\"inLanguage\":\"ca\"},{\"@type\":\"Organization\",\"@id\":\"https:\\\/\\\/fenomensassociacio.org\\\/#organization\",\"name\":\"Fenomens\",\"url\":\"https:\\\/\\\/fenomensassociacio.org\\\/\",\"logo\":{\"@type\":\"ImageObject\",\"inLanguage\":\"ca\",\"@id\":\"https:\\\/\\\/fenomensassociacio.org\\\/#\\\/schema\\\/logo\\\/image\\\/\",\"url\":\"https:\\\/\\\/fenomensassociacio.org\\\/wp-content\\\/uploads\\\/2020\\\/06\\\/logo_fenomens_color_sin_fondo_subtitulo.webp\",\"contentUrl\":\"https:\\\/\\\/fenomensassociacio.org\\\/wp-content\\\/uploads\\\/2020\\\/06\\\/logo_fenomens_color_sin_fondo_subtitulo.webp\",\"width\":2048,\"height\":1707,\"caption\":\"Fenomens\"},\"image\":{\"@id\":\"https:\\\/\\\/fenomensassociacio.org\\\/#\\\/schema\\\/logo\\\/image\\\/\"},\"sameAs\":[\"https:\\\/\\\/www.facebook.com\\\/elsfenomens\\\/?locale=es_ES\",\"https:\\\/\\\/www.instagram.com\\\/associacio_fenomens\\\/p\\\/DDjl2kbIsrU\\\/?img_index=1\"]}]}<\/script>\n<!-- \/ Yoast SEO plugin. -->","yoast_head_json":{"title":"Aviso legal - Fenomens","description":"Av\u00eds Legal","robots":{"index":"index","follow":"follow","max-snippet":"max-snippet:-1","max-image-preview":"max-image-preview:large","max-video-preview":"max-video-preview:-1"},"canonical":"https:\/\/fenomensassociacio.org\/va\/aviso-legal\/","og_locale":"ca_ES","og_type":"article","og_title":"Aviso legal - Fenomens","og_description":"Aviso legal","og_url":"https:\/\/fenomensassociacio.org\/va\/aviso-legal\/","og_site_name":"Fenomens","article_publisher":"https:\/\/www.facebook.com\/elsfenomens\/?locale=es_ES","article_modified_time":"2025-09-25T10:18:16+00:00","og_image":[{"url":"https:\/\/fenomensassociacio.org\/wp-content\/uploads\/2018\/07\/logo-sin-fondo-colores-recortado.webp","type":"","width":"","height":""}],"twitter_card":"summary_large_image","twitter_misc":{"Temps estimat de lectura":"21 minuts"},"schema":{"@context":"https:\/\/schema.org","@graph":[{"@type":"WebPage","@id":"https:\/\/fenomensassociacio.org\/aviso-legal\/","url":"https:\/\/fenomensassociacio.org\/aviso-legal\/","name":"Aviso legal - Fenomens","isPartOf":{"@id":"https:\/\/fenomensassociacio.org\/#website"},"primaryImageOfPage":{"@id":"https:\/\/fenomensassociacio.org\/aviso-legal\/#primaryimage"},"image":{"@id":"https:\/\/fenomensassociacio.org\/aviso-legal\/#primaryimage"},"thumbnailUrl":"https:\/\/fenomensassociacio.org\/wp-content\/uploads\/2018\/07\/logo-sin-fondo-colores-recortado.webp","datePublished":"2025-01-11T15:55:43+00:00","dateModified":"2025-09-25T10:18:16+00:00","description":"Av\u00eds Legal","breadcrumb":{"@id":"https:\/\/fenomensassociacio.org\/aviso-legal\/#breadcrumb"},"inLanguage":"ca","potentialAction":[{"@type":"ReadAction","target":["https:\/\/fenomensassociacio.org\/aviso-legal\/"]}]},{"@type":"ImageObject","inLanguage":"ca","@id":"https:\/\/fenomensassociacio.org\/aviso-legal\/#primaryimage","url":"https:\/\/fenomensassociacio.org\/wp-content\/uploads\/2018\/07\/logo-sin-fondo-colores-recortado.webp","contentUrl":"https:\/\/fenomensassociacio.org\/wp-content\/uploads\/2018\/07\/logo-sin-fondo-colores-recortado.webp"},{"@type":"BreadcrumbList","@id":"https:\/\/fenomensassociacio.org\/aviso-legal\/#breadcrumb","itemListElement":[{"@type":"ListItem","position":1,"name":"Portada","item":"https:\/\/fenomensassociacio.org\/"},{"@type":"ListItem","position":2,"name":"Aviso legal"}]},{"@type":"WebSite","@id":"https:\/\/fenomensassociacio.org\/#website","url":"https:\/\/fenomensassociacio.org\/","name":"Fenomens","description":"Associaci\u00f3 de persones amb discapacitat intel.lectual","publisher":{"@id":"https:\/\/fenomensassociacio.org\/#organization"},"potentialAction":[{"@type":"SearchAction","target":{"@type":"EntryPoint","urlTemplate":"https:\/\/fenomensassociacio.org\/?s={search_term_string}"},"query-input":{"@type":"PropertyValueSpecification","valueRequired":true,"valueName":"search_term_string"}}],"inLanguage":"ca"},{"@type":"Organization","@id":"https:\/\/fenomensassociacio.org\/#organization","name":"Fenomens","url":"https:\/\/fenomensassociacio.org\/","logo":{"@type":"ImageObject","inLanguage":"ca","@id":"https:\/\/fenomensassociacio.org\/#\/schema\/logo\/image\/","url":"https:\/\/fenomensassociacio.org\/wp-content\/uploads\/2020\/06\/logo_fenomens_color_sin_fondo_subtitulo.webp","contentUrl":"https:\/\/fenomensassociacio.org\/wp-content\/uploads\/2020\/06\/logo_fenomens_color_sin_fondo_subtitulo.webp","width":2048,"height":1707,"caption":"Fenomens"},"image":{"@id":"https:\/\/fenomensassociacio.org\/#\/schema\/logo\/image\/"},"sameAs":["https:\/\/www.facebook.com\/elsfenomens\/?locale=es_ES","https:\/\/www.instagram.com\/associacio_fenomens\/p\/DDjl2kbIsrU\/?img_index=1"]}]}},"_links":{"self":[{"href":"https:\/\/fenomensassociacio.org\/va\/wp-json\/wp\/v2\/pages\/3362","targetHints":{"allow":["GET"]}}],"collection":[{"href":"https:\/\/fenomensassociacio.org\/va\/wp-json\/wp\/v2\/pages"}],"about":[{"href":"https:\/\/fenomensassociacio.org\/va\/wp-json\/wp\/v2\/types\/page"}],"author":[{"embeddable":true,"href":"https:\/\/fenomensassociacio.org\/va\/wp-json\/wp\/v2\/users\/1"}],"replies":[{"embeddable":true,"href":"https:\/\/fenomensassociacio.org\/va\/wp-json\/wp\/v2\/comments?post=3362"}],"version-history":[{"count":41,"href":"https:\/\/fenomensassociacio.org\/va\/wp-json\/wp\/v2\/pages\/3362\/revisions"}],"predecessor-version":[{"id":5163,"href":"https:\/\/fenomensassociacio.org\/va\/wp-json\/wp\/v2\/pages\/3362\/revisions\/5163"}],"wp:attachment":[{"href":"https:\/\/fenomensassociacio.org\/va\/wp-json\/wp\/v2\/media?parent=3362"}],"curies":[{"name":"wp","href":"https:\/\/api.w.org\/{rel}","templated":true}]}}